{"id":2279,"date":"2021-09-24T11:12:31","date_gmt":"2021-09-24T11:12:31","guid":{"rendered":"https:\/\/recalice.it\/?page_id=2279"},"modified":"2021-10-10T10:17:46","modified_gmt":"2021-10-10T10:17:46","slug":"bianchi","status":"publish","type":"page","link":"https:\/\/www.recalice.it\/en\/bianchi\/","title":{"rendered":"White"},"content":{"rendered":"<div data-elementor-type=\"wp-page\" data-elementor-id=\"2279\" class=\"elementor elementor-2279\" data-elementor-post-type=\"page\">\n\t\t\t\t\t\t<section class=\"elementor-section elementor-top-section elementor-element elementor-element-a771dc2 elementor-reverse-mobile elementor-section-boxed elementor-section-height-default elementor-section-height-default\" data-id=\"a771dc2\" data-element_type=\"section\" data-settings=\"{&quot;background_background&quot;:&quot;classic&quot;}\">\n\t\t\t\t\t\t<div class=\"elementor-container elementor-column-gap-default\">\n\t\t\t\t\t<div class=\"elementor-column elementor-col-50 elementor-top-column elementor-element elementor-element-438102b\" data-id=\"438102b\" data-element_type=\"column\" data-settings=\"{&quot;background_background&quot;:&quot;classic&quot;}\">\n\t\t\t<div class=\"elementor-widget-wrap elementor-element-populated\">\n\t\t\t\t\t\t<div class=\"elementor-element elementor-element-172b3be elementor-widget elementor-widget-menu-anchor\" data-id=\"172b3be\" data-element_type=\"widget\" data-widget_type=\"menu-anchor.default\">\n\t\t\t\t<div class=\"elementor-widget-container\">\n\t\t\t\t\t\t\t<div class=\"elementor-menu-anchor\" id=\"filtri\"><\/div>\n\t\t\t\t\t\t<\/div>\n\t\t\t\t<\/div>\n\t\t\t\t<div class=\"elementor-element elementor-element-dab6a11 elementor-widget elementor-widget-shortcode\" data-id=\"dab6a11\" data-element_type=\"widget\" data-widget_type=\"shortcode.default\">\n\t\t\t\t<div class=\"elementor-widget-container\">\n\t\t\t\t\t\t\t<div class=\"elementor-shortcode\">[searchandfilter id = &quot;price&quot;]<\/div>\n\t\t\t\t\t\t<\/div>\n\t\t\t\t<\/div>\n\t\t\t\t<div class=\"elementor-element elementor-element-24098dd elementor-widget elementor-widget-shortcode\" data-id=\"24098dd\" data-element_type=\"widget\" data-widget_type=\"shortcode.default\">\n\t\t\t\t<div class=\"elementor-widget-container\">\n\t\t\t\t\t\t\t<div class=\"elementor-shortcode\">[searchandfilter id = &quot;wpf_60d09fc656fcb&quot;]<\/div>\n\t\t\t\t\t\t<\/div>\n\t\t\t\t<\/div>\n\t\t\t\t\t<\/div>\n\t\t<\/div>\n\t\t\t\t<div data-dce-background-color=\"#FFFFFF\" class=\"elementor-column elementor-col-50 elementor-top-column elementor-element elementor-element-3f70478\" data-id=\"3f70478\" data-element_type=\"column\" data-settings=\"{&quot;background_background&quot;:&quot;classic&quot;}\">\n\t\t\t<div class=\"elementor-widget-wrap elementor-element-populated\">\n\t\t\t\t\t\t<div class=\"elementor-element elementor-element-06c9523 dce_masking-none elementor-widget elementor-widget-image\" data-id=\"06c9523\" data-element_type=\"widget\" data-widget_type=\"image.default\">\n\t\t\t\t<div class=\"elementor-widget-container\">\n\t\t\t\t\t\t\t\t\t\t\t\t\t\t\t<img fetchpriority=\"high\" decoding=\"async\" width=\"1749\" height=\"800\" src=\"https:\/\/www.recalice.it\/wp-content\/uploads\/2021\/09\/bianco-slide.jpg\" class=\"attachment-full size-full wp-image-1785\" alt=\"\" srcset=\"https:\/\/www.recalice.it\/wp-content\/uploads\/2021\/09\/bianco-slide.jpg 1749w, https:\/\/www.recalice.it\/wp-content\/uploads\/2021\/09\/bianco-slide-300x137.jpg 300w, https:\/\/www.recalice.it\/wp-content\/uploads\/2021\/09\/bianco-slide-1024x468.jpg 1024w, https:\/\/www.recalice.it\/wp-content\/uploads\/2021\/09\/bianco-slide-768x351.jpg 768w, https:\/\/www.recalice.it\/wp-content\/uploads\/2021\/09\/bianco-slide-1536x703.jpg 1536w, https:\/\/www.recalice.it\/wp-content\/uploads\/2021\/09\/bianco-slide-600x274.jpg 600w\" sizes=\"(max-width: 1749px) 100vw, 1749px\" \/>\t\t\t\t\t\t\t\t\t\t\t\t\t\t\t<\/div>\n\t\t\t\t<\/div>\n\t\t\t\t<div class=\"elementor-element elementor-element-f0b17b9 elementor-widget elementor-widget-toggle\" data-id=\"f0b17b9\" data-element_type=\"widget\" data-widget_type=\"toggle.default\">\n\t\t\t\t<div class=\"elementor-widget-container\">\n\t\t\t\t\t\t\t<div class=\"elementor-toggle\">\n\t\t\t\t\t\t\t<div class=\"elementor-toggle-item\">\n\t\t\t\t\t<h1 id=\"elementor-tab-title-2521\" class=\"elementor-tab-title\" data-tab=\"1\" role=\"button\" aria-controls=\"elementor-tab-content-2521\" aria-expanded=\"false\">\n\t\t\t\t\t\t\t\t\t\t\t\t<span class=\"elementor-toggle-icon elementor-toggle-icon-left\" aria-hidden=\"true\">\n\t\t\t\t\t\t\t\t\t\t\t\t\t\t\t<span class=\"elementor-toggle-icon-closed\"><svg class=\"e-font-icon-svg e-fas-caret-right\" viewbox=\"0 0 192 512\" xmlns=\"http:\/\/www.w3.org\/2000\/svg\"><path d=\"M0 384.662V127.338c0-17.818 21.543-26.741 34.142-14.142l128.662 128.662c7.81 7.81 7.81 20.474 0 28.284L34.142 398.804C21.543 411.404 0 402.48 0 384.662z\"><\/path><\/svg><\/span>\n\t\t\t\t\t\t\t\t<span class=\"elementor-toggle-icon-opened\"><svg class=\"elementor-toggle-icon-opened e-font-icon-svg e-fas-caret-up\" viewbox=\"0 0 320 512\" xmlns=\"http:\/\/www.w3.org\/2000\/svg\"><path d=\"M288.662 352H31.338c-17.818 0-26.741-21.543-14.142-34.142l128.662-128.662c7.81-7.81 20.474-7.81 28.284 0l128.662 128.662c12.6 12.599 3.676 34.142-14.142 34.142z\"><\/path><\/svg><\/span>\n\t\t\t\t\t\t\t\t\t\t\t\t\t<\/span>\n\t\t\t\t\t\t\t\t\t\t\t\t<a class=\"elementor-toggle-title\" tabindex=\"0\"><\/a>\n\t\t\t\t\t<\/h1>\n\n\t\t\t\t\t<div id=\"elementor-tab-content-2521\" class=\"elementor-tab-content elementor-clearfix\" data-tab=\"1\" role=\"region\" aria-labelledby=\"elementor-tab-title-2521\"><p>Fruit of the culture and winemaking tradition of man, white wine is certainly the protagonist of the summer but its different characteristics and varieties make it suitable for any occasion. The variety of whites, of its colors, depends on the type of grapes, the pressing and, in particular, the winemaking technique and age.<\/p><p>Often, tasting these wines, one perceives a fresh aroma of flowers and fruits that make each bottle unique, to the point of mixing notes that are delicately linked to aromatic and condimental herbs such as mint, lavender and fennel. The main gustatory characteristic of white wines is the acidity which gives freshness and pleasantness to this type, but which tends to decrease with time. One good reason to like whites during their prime: youth.<\/p><p>Re Calice offers a selection of great wines with specific suggestions for each product, from still to lively whites, perfect for any occasion.<\/p><p style=\"text-align: center;\"><strong>&quot;Wine adds a smile to friendship and a spark to love&quot;<\/strong><\/p><p style=\"text-align: center;\"><em>[Edmondo De Amicis]<\/em><\/p><\/div>\n\t\t\t\t<\/div>\n\t\t\t\t\t\t\t\t<\/div>\n\t\t\t\t\t\t<\/div>\n\t\t\t\t<\/div>\n\t\t\t\t<div class=\"elementor-element elementor-element-a2e330a elementor-product-loop-item--align-center elementor-grid-5 elementor-grid-tablet-3 elementor-grid-mobile-2 elementor-products-grid elementor-wc-products elementor-widget elementor-widget-woocommerce-products\" data-id=\"a2e330a\" data-element_type=\"widget\" data-widget_type=\"woocommerce-products.default\">\n\t\t\t\t<div class=\"elementor-widget-container\">\n\t\t\t\t\t<div class=\"woocommerce columns-5\"><div class=\"woocommerce-notices-wrapper\"><\/div><form class=\"woocommerce-ordering\" method=\"get\" action=\"\">\n\t\t<select\n\t\tname=\"orderby\"\n\t\tclass=\"orderby\"\n\t\t\t\t\taria-label=\"Shop order\" data-no-translation-aria-label=\"\"\n\t\t\t>\n\t\t\t\t\t<option value=\"popularity\"  selected='selected' data-no-translation=\"\" data-trp-gettext=\"\">Sort by popularity<\/option>\n\t\t\t\t\t<option value=\"rating\" data-no-translation=\"\" data-trp-gettext=\"\" >Sort by average rating<\/option>\n\t\t\t\t\t<option value=\"date\" data-no-translation=\"\" data-trp-gettext=\"\" >Sort by latest<\/option>\n\t\t\t\t\t<option value=\"price\" data-no-translation=\"\" data-trp-gettext=\"\" >Sort by price: low to high<\/option>\n\t\t\t\t\t<option value=\"price-desc\" data-no-translation=\"\" data-trp-gettext=\"\" >Sort by price: high to low<\/option>\n\t\t\t<\/select>\n\t<input type=\"hidden\" name=\"paged\" value=\"1\" \/>\n\t<input type=\"hidden\" name=\"trp-form-language\" value=\"en\"\/><\/form>\n<ul class=\"products elementor-grid columns-5\">\n<li class=\"product type-product post-678 status-publish first instock product_cat-bianchi product_cat-occasioni product_cat-occasioni-speciali product_cat-prestige-wine product_cat-regioni product_cat-selezioni-recalice product_cat-toscana product_tag-ornellaia has-post-thumbnail sold-individually taxable shipping-taxable purchasable product-type-simple\">\n\t<a href=\"https:\/\/www.recalice.it\/en\/product\/toscana-igt-ornellaia-bianco-2017-ornellaia\/\" class=\"woocommerce-LoopProduct-link woocommerce-loop-product__link\"><img decoding=\"async\" width=\"300\" height=\"300\" src=\"https:\/\/www.recalice.it\/wp-content\/uploads\/2021\/07\/ORNELLAIA-BIANCO-2017-300x300.jpg\" class=\"attachment-woocommerce_thumbnail size-woocommerce_thumbnail\" alt=\"Toscana IGT &quot;Ornellaia Bianco&quot; 2017 - Ornellaia\" srcset=\"https:\/\/www.recalice.it\/wp-content\/uploads\/2021\/07\/ORNELLAIA-BIANCO-2017-300x300.jpg 300w, https:\/\/www.recalice.it\/wp-content\/uploads\/2021\/07\/ORNELLAIA-BIANCO-2017-150x150.jpg 150w, https:\/\/www.recalice.it\/wp-content\/uploads\/2021\/07\/ORNELLAIA-BIANCO-2017-768x768.jpg 768w, https:\/\/www.recalice.it\/wp-content\/uploads\/2021\/07\/ORNELLAIA-BIANCO-2017-600x600.jpg 600w, https:\/\/www.recalice.it\/wp-content\/uploads\/2021\/07\/ORNELLAIA-BIANCO-2017-100x100.jpg 100w, https:\/\/www.recalice.it\/wp-content\/uploads\/2021\/07\/ORNELLAIA-BIANCO-2017.jpg 1000w\" sizes=\"(max-width: 300px) 100vw, 300px\" \/><h2 class=\"woocommerce-loop-product__title\">Toscana IGT \u201cOrnellaia Bianco\u201d 2017 - Ornellaia<\/h2>\n\t<span class=\"price\"><span class=\"woocommerce-Price-amount amount\"><bdi><span class=\"woocommerce-Price-currencySymbol\">\u20ac<\/span>320.00<\/bdi><\/span><\/span>\n<\/a><a href=\"\/en\/wp-json\/wp\/v2\/pages\/2279?add-to-cart=678\" aria-describedby=\"woocommerce_loop_add_to_cart_link_describedby_678\" data-quantity=\"1\" class=\"button product_type_simple add_to_cart_button ajax_add_to_cart\" data-product_id=\"678\" data-product_sku=\"\" aria-label=\"Add to basket: \u201cToscana IGT &quot;Ornellaia Bianco&quot; 2017 - Ornellaia\u201d\" rel=\"nofollow\" data-success_message=\"\u201cToscana IGT &quot;Ornellaia Bianco&quot; 2017 - Ornellaia\u201d has been added to your cart\" role=\"button\" data-no-translation=\"\" data-trp-gettext=\"\" data-no-translation-aria-label=\"\" data-no-translation-data-success_message=\"\">Add to basket<\/a>\t<span id=\"woocommerce_loop_add_to_cart_link_describedby_678\" class=\"screen-reader-text\">\n\t\t\t<\/span>\n<\/li>\n<li class=\"product type-product post-688 status-publish instock product_cat-bianchi product_cat-occasioni product_cat-occasioni-speciali product_cat-regioni product_cat-sicilia product_tag-mandrarossa has-post-thumbnail taxable shipping-taxable purchasable product-type-simple\">\n\t<a href=\"https:\/\/www.recalice.it\/en\/product\/sicilia-doc-sauvignon-blanc-urra-di-mare-2023-mandrarossa\/\" class=\"woocommerce-LoopProduct-link woocommerce-loop-product__link\"><img decoding=\"async\" width=\"300\" height=\"300\" src=\"https:\/\/www.recalice.it\/wp-content\/uploads\/2021\/07\/Urra-di-mare.avif\" class=\"attachment-woocommerce_thumbnail size-woocommerce_thumbnail\" alt=\"Sicilia DOC Sauvignon Blanc \u201cUrra di Mare\u201d 2023 - Mandrarossa\" \/><h2 class=\"woocommerce-loop-product__title\">Sicilia DOC Sauvignon Blanc \u201cUrra di Mare\u201d 2023 &#8211; Mandrarossa<\/h2>\n\t<span class=\"price\"><span class=\"woocommerce-Price-amount amount\"><bdi><span class=\"woocommerce-Price-currencySymbol\">\u20ac<\/span>12.00<\/bdi><\/span><\/span>\n<\/a><a href=\"\/en\/wp-json\/wp\/v2\/pages\/2279?add-to-cart=688\" aria-describedby=\"woocommerce_loop_add_to_cart_link_describedby_688\" data-quantity=\"1\" class=\"button product_type_simple add_to_cart_button ajax_add_to_cart\" data-product_id=\"688\" data-product_sku=\"\" aria-label=\"Add to basket: \u201cSicilia DOC Sauvignon Blanc \u201cUrra di Mare\u201d 2023 - Mandrarossa\u201d\" rel=\"nofollow\" data-success_message=\"\u201cSicilia DOC Sauvignon Blanc \u201cUrra di Mare\u201d 2023 - Mandrarossa\u201d has been added to your cart\" role=\"button\" data-no-translation=\"\" data-trp-gettext=\"\" data-no-translation-aria-label=\"\" data-no-translation-data-success_message=\"\">Add to basket<\/a>\t<span id=\"woocommerce_loop_add_to_cart_link_describedby_688\" class=\"screen-reader-text\">\n\t\t\t<\/span>\n<\/li>\n<li class=\"product type-product post-690 status-publish instock product_cat-bianchi product_cat-occasioni product_cat-occasioni-speciali product_cat-regioni product_cat-selezioni-recalice product_cat-sicilia product_cat-tre-bicchieri-selezioni-recalice product_tag-mandrarossa has-post-thumbnail taxable shipping-taxable purchasable product-type-simple\">\n\t<a href=\"https:\/\/www.recalice.it\/en\/product\/terre-siciliane-igt-bianco-santannella-2022-mandrarossa\/\" class=\"woocommerce-LoopProduct-link woocommerce-loop-product__link\"><img loading=\"lazy\" decoding=\"async\" width=\"300\" height=\"300\" src=\"https:\/\/www.recalice.it\/wp-content\/uploads\/2021\/07\/Santannella.avif\" class=\"attachment-woocommerce_thumbnail size-woocommerce_thumbnail\" alt=\"Terre Siciliane IGT Bianco \u201cSantannella\u201d 2022 - Mandrarossa\" \/><h2 class=\"woocommerce-loop-product__title\">Terre Siciliane IGT Bianco \u201cSantannella\u201d 2022 &#8211; Mandrarossa<\/h2>\n\t<span class=\"price\"><span class=\"woocommerce-Price-amount amount\"><bdi><span class=\"woocommerce-Price-currencySymbol\">\u20ac<\/span>13.00<\/bdi><\/span><\/span>\n<\/a><a href=\"\/en\/wp-json\/wp\/v2\/pages\/2279?add-to-cart=690\" aria-describedby=\"woocommerce_loop_add_to_cart_link_describedby_690\" data-quantity=\"1\" class=\"button product_type_simple add_to_cart_button ajax_add_to_cart\" data-product_id=\"690\" data-product_sku=\"\" aria-label=\"Add to basket: \u201cTerre Siciliane IGT Bianco \u201cSantannella\u201d 2022 - Mandrarossa\u201d\" rel=\"nofollow\" data-success_message=\"\u201cTerre Siciliane IGT Bianco \u201cSantannella\u201d 2022 - Mandrarossa\u201d has been added to your cart\" role=\"button\" data-no-translation=\"\" data-trp-gettext=\"\" data-no-translation-aria-label=\"\" data-no-translation-data-success_message=\"\">Add to basket<\/a>\t<span id=\"woocommerce_loop_add_to_cart_link_describedby_690\" class=\"screen-reader-text\">\n\t\t\t<\/span>\n<\/li>\n<li class=\"product type-product post-734 status-publish instock product_cat-bianchi product_cat-occasioni product_cat-occasioni-speciali product_cat-regioni product_cat-trentino-alto-adige product_tag-san-michele-appiano has-post-thumbnail taxable shipping-taxable purchasable product-type-simple\">\n\t<a href=\"https:\/\/www.recalice.it\/en\/product\/alto-adige-pinot-bianco-doc-schulthauser-2023-san-michele-appiano\/\" class=\"woocommerce-LoopProduct-link woocommerce-loop-product__link\"><img loading=\"lazy\" decoding=\"async\" width=\"300\" height=\"300\" src=\"https:\/\/www.recalice.it\/wp-content\/uploads\/2021\/07\/PINOT-BIANCO-ST.-MICHAEL-300x300.jpg\" class=\"attachment-woocommerce_thumbnail size-woocommerce_thumbnail\" alt=\"Alto Adige DOC Pinot Bianco &quot;Schulthauser&quot; 2023 - San Michele Appiano\" srcset=\"https:\/\/www.recalice.it\/wp-content\/uploads\/2021\/07\/PINOT-BIANCO-ST.-MICHAEL-300x300.jpg 300w, https:\/\/www.recalice.it\/wp-content\/uploads\/2021\/07\/PINOT-BIANCO-ST.-MICHAEL-1024x1024.jpg 1024w, https:\/\/www.recalice.it\/wp-content\/uploads\/2021\/07\/PINOT-BIANCO-ST.-MICHAEL-150x150.jpg 150w, https:\/\/www.recalice.it\/wp-content\/uploads\/2021\/07\/PINOT-BIANCO-ST.-MICHAEL-768x768.jpg 768w, https:\/\/www.recalice.it\/wp-content\/uploads\/2021\/07\/PINOT-BIANCO-ST.-MICHAEL-1536x1536.jpg 1536w, https:\/\/www.recalice.it\/wp-content\/uploads\/2021\/07\/PINOT-BIANCO-ST.-MICHAEL-2048x2048.jpg 2048w, https:\/\/www.recalice.it\/wp-content\/uploads\/2021\/07\/PINOT-BIANCO-ST.-MICHAEL-600x600.jpg 600w, https:\/\/www.recalice.it\/wp-content\/uploads\/2021\/07\/PINOT-BIANCO-ST.-MICHAEL-100x100.jpg 100w\" sizes=\"(max-width: 300px) 100vw, 300px\" \/><h2 class=\"woocommerce-loop-product__title\">Alto Adige DOC Pinot Bianco &#8220;Schulthauser&#8221; 2023 &#8211; San Michele Appiano<\/h2>\n\t<span class=\"price\"><span class=\"woocommerce-Price-amount amount\"><bdi><span class=\"woocommerce-Price-currencySymbol\">\u20ac<\/span>16.00<\/bdi><\/span><\/span>\n<\/a><a href=\"\/en\/wp-json\/wp\/v2\/pages\/2279?add-to-cart=734\" aria-describedby=\"woocommerce_loop_add_to_cart_link_describedby_734\" data-quantity=\"1\" class=\"button product_type_simple add_to_cart_button ajax_add_to_cart\" data-product_id=\"734\" data-product_sku=\"\" aria-label=\"Add to basket: \u201cAlto Adige DOC Pinot Bianco &quot;Schulthauser&quot; 2023 - San Michele Appiano\u201d\" rel=\"nofollow\" data-success_message=\"\u201cAlto Adige DOC Pinot Bianco &quot;Schulthauser&quot; 2023 - San Michele Appiano\u201d has been added to your cart\" role=\"button\" data-no-translation=\"\" data-trp-gettext=\"\" data-no-translation-aria-label=\"\" data-no-translation-data-success_message=\"\">Add to basket<\/a>\t<span id=\"woocommerce_loop_add_to_cart_link_describedby_734\" class=\"screen-reader-text\">\n\t\t\t<\/span>\n<\/li>\n<li class=\"product type-product post-736 status-publish last instock product_cat-aperitivo product_cat-bianchi product_cat-occasioni product_cat-regioni product_cat-trentino-alto-adige product_tag-san-michele-appiano has-post-thumbnail taxable shipping-taxable purchasable product-type-simple\">\n\t<a href=\"https:\/\/www.recalice.it\/en\/product\/alto-adige-muller-thurgau-doc-2023-san-michele-appiano\/\" class=\"woocommerce-LoopProduct-link woocommerce-loop-product__link\"><img loading=\"lazy\" decoding=\"async\" width=\"300\" height=\"300\" src=\"https:\/\/www.recalice.it\/wp-content\/uploads\/2021\/07\/MULLER-THURGAU-ST.MICHAEL-300x300.jpg\" class=\"attachment-woocommerce_thumbnail size-woocommerce_thumbnail\" alt=\"Alto Adige DOC M\u00fcller Thurgau 2023 - San Michele Appiano\" srcset=\"https:\/\/www.recalice.it\/wp-content\/uploads\/2021\/07\/MULLER-THURGAU-ST.MICHAEL-300x300.jpg 300w, https:\/\/www.recalice.it\/wp-content\/uploads\/2021\/07\/MULLER-THURGAU-ST.MICHAEL-1024x1024.jpg 1024w, https:\/\/www.recalice.it\/wp-content\/uploads\/2021\/07\/MULLER-THURGAU-ST.MICHAEL-150x150.jpg 150w, https:\/\/www.recalice.it\/wp-content\/uploads\/2021\/07\/MULLER-THURGAU-ST.MICHAEL-768x768.jpg 768w, https:\/\/www.recalice.it\/wp-content\/uploads\/2021\/07\/MULLER-THURGAU-ST.MICHAEL-1536x1536.jpg 1536w, https:\/\/www.recalice.it\/wp-content\/uploads\/2021\/07\/MULLER-THURGAU-ST.MICHAEL-600x600.jpg 600w, https:\/\/www.recalice.it\/wp-content\/uploads\/2021\/07\/MULLER-THURGAU-ST.MICHAEL-100x100.jpg 100w, https:\/\/www.recalice.it\/wp-content\/uploads\/2021\/07\/MULLER-THURGAU-ST.MICHAEL.jpg 2000w\" sizes=\"(max-width: 300px) 100vw, 300px\" \/><h2 class=\"woocommerce-loop-product__title\">Alto Adige DOC M\u00fcller Thurgau 2023 &#8211; San Michele Appiano<\/h2>\n\t<span class=\"price\"><span class=\"woocommerce-Price-amount amount\"><bdi><span class=\"woocommerce-Price-currencySymbol\">\u20ac<\/span>11.50<\/bdi><\/span><\/span>\n<\/a><a href=\"\/en\/wp-json\/wp\/v2\/pages\/2279?add-to-cart=736\" aria-describedby=\"woocommerce_loop_add_to_cart_link_describedby_736\" data-quantity=\"1\" class=\"button product_type_simple add_to_cart_button ajax_add_to_cart\" data-product_id=\"736\" data-product_sku=\"\" aria-label=\"Add to basket: \u201cAlto Adige DOC M\u00fcller Thurgau 2023 - San Michele Appiano\u201d\" rel=\"nofollow\" data-success_message=\"\u201cAlto Adige DOC M\u00fcller Thurgau 2023 - San Michele Appiano\u201d has been added to your cart\" role=\"button\" data-no-translation=\"\" data-trp-gettext=\"\" data-no-translation-aria-label=\"\" data-no-translation-data-success_message=\"\">Add to basket<\/a>\t<span id=\"woocommerce_loop_add_to_cart_link_describedby_736\" class=\"screen-reader-text\">\n\t\t\t<\/span>\n<\/li>\n<li class=\"product type-product post-739 status-publish first instock product_cat-bianchi product_cat-regioni product_cat-trentino-alto-adige product_tag-elena-walch has-post-thumbnail taxable shipping-taxable purchasable product-type-simple\">\n\t<a href=\"https:\/\/www.recalice.it\/en\/product\/alto-adige-doc-pinot-grigio-vigna-castel-ringberg-2023-elena-walch\/\" class=\"woocommerce-LoopProduct-link woocommerce-loop-product__link\"><img loading=\"lazy\" decoding=\"async\" width=\"300\" height=\"300\" src=\"https:\/\/www.recalice.it\/wp-content\/uploads\/2021\/07\/PINOT-GRIGIO-VILLA-CASTEL-300x300.jpg\" class=\"attachment-woocommerce_thumbnail size-woocommerce_thumbnail\" alt=\"Alto Adige DOC Pinot Grigio Vigna &quot;Castel Ringberg&quot; 2023 - Elena Walch\" srcset=\"https:\/\/www.recalice.it\/wp-content\/uploads\/2021\/07\/PINOT-GRIGIO-VILLA-CASTEL-300x300.jpg 300w, https:\/\/www.recalice.it\/wp-content\/uploads\/2021\/07\/PINOT-GRIGIO-VILLA-CASTEL-1024x1024.jpg 1024w, https:\/\/www.recalice.it\/wp-content\/uploads\/2021\/07\/PINOT-GRIGIO-VILLA-CASTEL-150x150.jpg 150w, https:\/\/www.recalice.it\/wp-content\/uploads\/2021\/07\/PINOT-GRIGIO-VILLA-CASTEL-768x768.jpg 768w, https:\/\/www.recalice.it\/wp-content\/uploads\/2021\/07\/PINOT-GRIGIO-VILLA-CASTEL-1536x1536.jpg 1536w, https:\/\/www.recalice.it\/wp-content\/uploads\/2021\/07\/PINOT-GRIGIO-VILLA-CASTEL-2048x2048.jpg 2048w, https:\/\/www.recalice.it\/wp-content\/uploads\/2021\/07\/PINOT-GRIGIO-VILLA-CASTEL-600x600.jpg 600w, https:\/\/www.recalice.it\/wp-content\/uploads\/2021\/07\/PINOT-GRIGIO-VILLA-CASTEL-100x100.jpg 100w\" sizes=\"(max-width: 300px) 100vw, 300px\" \/><h2 class=\"woocommerce-loop-product__title\">Alto Adige DOC Pinot Grigio Vigna &#8220;Castel Ringberg&#8221; 2023 &#8211; Elena Walch<\/h2>\n\t<span class=\"price\"><span class=\"woocommerce-Price-amount amount\"><bdi><span class=\"woocommerce-Price-currencySymbol\">\u20ac<\/span>29.00<\/bdi><\/span><\/span>\n<\/a><a href=\"\/en\/wp-json\/wp\/v2\/pages\/2279?add-to-cart=739\" aria-describedby=\"woocommerce_loop_add_to_cart_link_describedby_739\" data-quantity=\"1\" class=\"button product_type_simple add_to_cart_button ajax_add_to_cart\" data-product_id=\"739\" data-product_sku=\"\" aria-label=\"Add to basket: \u201cAlto Adige DOC Pinot Grigio Vigna &quot;Castel Ringberg&quot; 2023 - Elena Walch\u201d\" rel=\"nofollow\" data-success_message=\"\u201cAlto Adige DOC Pinot Grigio Vigna &quot;Castel Ringberg&quot; 2023 - Elena Walch\u201d has been added to your cart\" role=\"button\" data-no-translation=\"\" data-trp-gettext=\"\" data-no-translation-aria-label=\"\" data-no-translation-data-success_message=\"\">Add to basket<\/a>\t<span id=\"woocommerce_loop_add_to_cart_link_describedby_739\" class=\"screen-reader-text\">\n\t\t\t<\/span>\n<\/li>\n<li class=\"product type-product post-741 status-publish instock product_cat-bianchi product_cat-occasioni product_cat-regioni product_cat-serata-romantica product_cat-trentino-alto-adige product_tag-elena-walch has-post-thumbnail taxable shipping-taxable purchasable product-type-simple\">\n\t<a href=\"https:\/\/www.recalice.it\/en\/product\/alto-adige-doc-chardonnay-cardellino-2023-elena-walch\/\" class=\"woocommerce-LoopProduct-link woocommerce-loop-product__link\"><img loading=\"lazy\" decoding=\"async\" width=\"300\" height=\"300\" src=\"https:\/\/www.recalice.it\/wp-content\/uploads\/2021\/07\/CHARDONNAY-CARDELLINO-300x300.jpg\" class=\"attachment-woocommerce_thumbnail size-woocommerce_thumbnail\" alt=\"Alto Adige DOC Chardonnay &quot;Cardellino&quot; 2023 - Elena Walch\" srcset=\"https:\/\/www.recalice.it\/wp-content\/uploads\/2021\/07\/CHARDONNAY-CARDELLINO-300x300.jpg 300w, https:\/\/www.recalice.it\/wp-content\/uploads\/2021\/07\/CHARDONNAY-CARDELLINO-150x150.jpg 150w, https:\/\/www.recalice.it\/wp-content\/uploads\/2021\/07\/CHARDONNAY-CARDELLINO-100x100.jpg 100w, https:\/\/www.recalice.it\/wp-content\/uploads\/2021\/07\/CHARDONNAY-CARDELLINO.jpg 502w\" sizes=\"(max-width: 300px) 100vw, 300px\" \/><h2 class=\"woocommerce-loop-product__title\">Alto Adige DOC Chardonnay &#8220;Cardellino&#8221; 2023 &#8211; Elena Walch<\/h2>\n\t<span class=\"price\"><span class=\"woocommerce-Price-amount amount\"><bdi><span class=\"woocommerce-Price-currencySymbol\">\u20ac<\/span>23.00<\/bdi><\/span><\/span>\n<\/a><a href=\"\/en\/wp-json\/wp\/v2\/pages\/2279?add-to-cart=741\" aria-describedby=\"woocommerce_loop_add_to_cart_link_describedby_741\" data-quantity=\"1\" class=\"button product_type_simple add_to_cart_button ajax_add_to_cart\" data-product_id=\"741\" data-product_sku=\"\" aria-label=\"Add to basket: \u201cAlto Adige DOC Chardonnay &quot;Cardellino&quot; 2023 - Elena Walch\u201d\" rel=\"nofollow\" data-success_message=\"\u201cAlto Adige DOC Chardonnay &quot;Cardellino&quot; 2023 - Elena Walch\u201d has been added to your cart\" role=\"button\" data-no-translation=\"\" data-trp-gettext=\"\" data-no-translation-aria-label=\"\" data-no-translation-data-success_message=\"\">Add to basket<\/a>\t<span id=\"woocommerce_loop_add_to_cart_link_describedby_741\" class=\"screen-reader-text\">\n\t\t\t<\/span>\n<\/li>\n<li class=\"product type-product post-755 status-publish instock product_cat-basilicata product_cat-bianchi product_cat-regioni product_tag-paternoster has-post-thumbnail taxable shipping-taxable purchasable product-type-simple\">\n\t<a href=\"https:\/\/www.recalice.it\/en\/product\/basilicata-igt-falanghina-vulcanico-2023-paternoster\/\" class=\"woocommerce-LoopProduct-link woocommerce-loop-product__link\"><img loading=\"lazy\" decoding=\"async\" width=\"300\" height=\"300\" src=\"https:\/\/www.recalice.it\/wp-content\/uploads\/2021\/08\/Vulcanico-300x300.jpg\" class=\"attachment-woocommerce_thumbnail size-woocommerce_thumbnail\" alt=\"Basilicata IGT Falanghina &quot;Vulcanico&quot; 2023 - Paternoster\" srcset=\"https:\/\/www.recalice.it\/wp-content\/uploads\/2021\/08\/Vulcanico-300x300.jpg 300w, https:\/\/www.recalice.it\/wp-content\/uploads\/2021\/08\/Vulcanico-1024x1024.jpg 1024w, https:\/\/www.recalice.it\/wp-content\/uploads\/2021\/08\/Vulcanico-150x150.jpg 150w, https:\/\/www.recalice.it\/wp-content\/uploads\/2021\/08\/Vulcanico-768x768.jpg 768w, https:\/\/www.recalice.it\/wp-content\/uploads\/2021\/08\/Vulcanico-1536x1536.jpg 1536w, https:\/\/www.recalice.it\/wp-content\/uploads\/2021\/08\/Vulcanico-2048x2048.jpg 2048w, https:\/\/www.recalice.it\/wp-content\/uploads\/2021\/08\/Vulcanico-12x12.jpg 12w, https:\/\/www.recalice.it\/wp-content\/uploads\/2021\/08\/Vulcanico-600x600.jpg 600w, https:\/\/www.recalice.it\/wp-content\/uploads\/2021\/08\/Vulcanico-100x100.jpg 100w, https:\/\/www.recalice.it\/wp-content\/uploads\/2021\/08\/Vulcanico-64x64.jpg 64w\" sizes=\"(max-width: 300px) 100vw, 300px\" \/><h2 class=\"woocommerce-loop-product__title\">Basilicata IGT Falanghina &#8220;Vulcanico&#8221; 2023 &#8211; Paternoster<\/h2>\n\t<span class=\"price\"><span class=\"woocommerce-Price-amount amount\"><bdi><span class=\"woocommerce-Price-currencySymbol\">\u20ac<\/span>13.00<\/bdi><\/span><\/span>\n<\/a><a href=\"\/en\/wp-json\/wp\/v2\/pages\/2279?add-to-cart=755\" aria-describedby=\"woocommerce_loop_add_to_cart_link_describedby_755\" data-quantity=\"1\" class=\"button product_type_simple add_to_cart_button ajax_add_to_cart\" data-product_id=\"755\" data-product_sku=\"\" aria-label=\"Add to basket: \u201cBasilicata IGT Falanghina &quot;Vulcanico&quot; 2023 - Paternoster\u201d\" rel=\"nofollow\" data-success_message=\"\u201cBasilicata IGT Falanghina &quot;Vulcanico&quot; 2023 - Paternoster\u201d has been added to your cart\" role=\"button\" data-no-translation=\"\" data-trp-gettext=\"\" data-no-translation-aria-label=\"\" data-no-translation-data-success_message=\"\">Add to basket<\/a>\t<span id=\"woocommerce_loop_add_to_cart_link_describedby_755\" class=\"screen-reader-text\">\n\t\t\t<\/span>\n<\/li>\n<li class=\"product type-product post-758 status-publish instock product_cat-bianchi product_cat-campania product_cat-cena-tra-amici product_cat-occasioni product_cat-regioni product_tag-marisa-cuomo has-post-thumbnail taxable shipping-taxable purchasable product-type-simple\">\n\t<a href=\"https:\/\/www.recalice.it\/en\/product\/costa-damalfi-doc-bianco-2023-marisa-cuomo\/\" class=\"woocommerce-LoopProduct-link woocommerce-loop-product__link\"><img loading=\"lazy\" decoding=\"async\" width=\"300\" height=\"300\" src=\"https:\/\/www.recalice.it\/wp-content\/uploads\/2021\/08\/COSTA-DAMALFI-BIANCO-300x300.jpg\" class=\"attachment-woocommerce_thumbnail size-woocommerce_thumbnail\" alt=\"Costa d\u2019Amalfi DOC Bianco 2023 - Marisa Cuomo\" srcset=\"https:\/\/www.recalice.it\/wp-content\/uploads\/2021\/08\/COSTA-DAMALFI-BIANCO-300x300.jpg 300w, https:\/\/www.recalice.it\/wp-content\/uploads\/2021\/08\/COSTA-DAMALFI-BIANCO-150x150.jpg 150w, https:\/\/www.recalice.it\/wp-content\/uploads\/2021\/08\/COSTA-DAMALFI-BIANCO-768x768.jpg 768w, https:\/\/www.recalice.it\/wp-content\/uploads\/2021\/08\/COSTA-DAMALFI-BIANCO-600x600.jpg 600w, https:\/\/www.recalice.it\/wp-content\/uploads\/2021\/08\/COSTA-DAMALFI-BIANCO-100x100.jpg 100w, https:\/\/www.recalice.it\/wp-content\/uploads\/2021\/08\/COSTA-DAMALFI-BIANCO.jpg 1000w\" sizes=\"(max-width: 300px) 100vw, 300px\" \/><h2 class=\"woocommerce-loop-product__title\">Costa d\u2019Amalfi DOC Bianco 2023 &#8211; Marisa Cuomo<\/h2>\n\t<span class=\"price\"><span class=\"woocommerce-Price-amount amount\"><bdi><span class=\"woocommerce-Price-currencySymbol\">\u20ac<\/span>21.50<\/bdi><\/span><\/span>\n<\/a><a href=\"\/en\/wp-json\/wp\/v2\/pages\/2279?add-to-cart=758\" aria-describedby=\"woocommerce_loop_add_to_cart_link_describedby_758\" data-quantity=\"1\" class=\"button product_type_simple add_to_cart_button ajax_add_to_cart\" data-product_id=\"758\" data-product_sku=\"\" aria-label=\"Add to basket: \u201cCosta d\u2019Amalfi DOC Bianco 2023 - Marisa Cuomo\u201d\" rel=\"nofollow\" data-success_message=\"\u201cCosta d\u2019Amalfi DOC Bianco 2023 - Marisa Cuomo\u201d has been added to your cart\" role=\"button\" data-no-translation=\"\" data-trp-gettext=\"\" data-no-translation-aria-label=\"\" data-no-translation-data-success_message=\"\">Add to basket<\/a>\t<span id=\"woocommerce_loop_add_to_cart_link_describedby_758\" class=\"screen-reader-text\">\n\t\t\t<\/span>\n<\/li>\n<li class=\"product type-product post-767 status-publish last instock product_cat-bianchi product_cat-campania product_cat-cena-tra-amici product_cat-occasioni product_cat-regioni product_tag-marisa-cuomo has-post-thumbnail taxable shipping-taxable purchasable product-type-simple\">\n\t<a href=\"https:\/\/www.recalice.it\/en\/product\/costa-damalfi-doc-furore-bianco-2023-marisa-cuomo\/\" class=\"woocommerce-LoopProduct-link woocommerce-loop-product__link\"><img loading=\"lazy\" decoding=\"async\" width=\"300\" height=\"300\" src=\"https:\/\/www.recalice.it\/wp-content\/uploads\/2021\/08\/Furore-Bianco-1-300x300.jpg\" class=\"attachment-woocommerce_thumbnail size-woocommerce_thumbnail\" alt=\"Costa d&#039;Amalfi DOC Furore Bianco 2023 - Marisa Cuomo\" srcset=\"https:\/\/www.recalice.it\/wp-content\/uploads\/2021\/08\/Furore-Bianco-1-300x300.jpg 300w, https:\/\/www.recalice.it\/wp-content\/uploads\/2021\/08\/Furore-Bianco-1-150x150.jpg 150w, https:\/\/www.recalice.it\/wp-content\/uploads\/2021\/08\/Furore-Bianco-1-12x12.jpg 12w, https:\/\/www.recalice.it\/wp-content\/uploads\/2021\/08\/Furore-Bianco-1-100x100.jpg 100w, https:\/\/www.recalice.it\/wp-content\/uploads\/2021\/08\/Furore-Bianco-1-64x64.jpg 64w, https:\/\/www.recalice.it\/wp-content\/uploads\/2021\/08\/Furore-Bianco-1.jpg 559w\" sizes=\"(max-width: 300px) 100vw, 300px\" \/><h2 class=\"woocommerce-loop-product__title\">Costa d&#8217;Amalfi DOC Furore Bianco 2023 &#8211; Marisa Cuomo<\/h2>\n\t<span class=\"price\"><span class=\"woocommerce-Price-amount amount\"><bdi><span class=\"woocommerce-Price-currencySymbol\">\u20ac<\/span>33.00<\/bdi><\/span><\/span>\n<\/a><a href=\"\/en\/wp-json\/wp\/v2\/pages\/2279?add-to-cart=767\" aria-describedby=\"woocommerce_loop_add_to_cart_link_describedby_767\" data-quantity=\"1\" class=\"button product_type_simple add_to_cart_button ajax_add_to_cart\" data-product_id=\"767\" data-product_sku=\"\" aria-label=\"Add to basket: \u201cCosta d&#039;Amalfi DOC Furore Bianco 2023 - Marisa Cuomo\u201d\" rel=\"nofollow\" data-success_message=\"\u201cCosta d&#039;Amalfi DOC Furore Bianco 2023 - Marisa Cuomo\u201d has been added to your cart\" role=\"button\" data-no-translation=\"\" data-trp-gettext=\"\" data-no-translation-aria-label=\"\" data-no-translation-data-success_message=\"\">Add to basket<\/a>\t<span id=\"woocommerce_loop_add_to_cart_link_describedby_767\" class=\"screen-reader-text\">\n\t\t\t<\/span>\n<\/li>\n<li class=\"product type-product post-771 status-publish first instock product_cat-aperitivo product_cat-bianchi product_cat-campania product_cat-cena-tra-amici product_cat-occasioni product_cat-regioni product_tag-marisa-cuomo has-post-thumbnail taxable shipping-taxable purchasable product-type-simple\">\n\t<a href=\"https:\/\/www.recalice.it\/en\/product\/costa-damalfi-doc-ravello-bianco-2023-marisa-cuomo\/\" class=\"woocommerce-LoopProduct-link woocommerce-loop-product__link\"><img loading=\"lazy\" decoding=\"async\" width=\"300\" height=\"300\" src=\"https:\/\/www.recalice.it\/wp-content\/uploads\/2021\/08\/Ravello-Bianco-1-300x300.jpg\" class=\"attachment-woocommerce_thumbnail size-woocommerce_thumbnail\" alt=\"Costa d&#039;Amalfi DOC Ravello Bianco 2023 - Marisa Cuomo\" srcset=\"https:\/\/www.recalice.it\/wp-content\/uploads\/2021\/08\/Ravello-Bianco-1-300x300.jpg 300w, https:\/\/www.recalice.it\/wp-content\/uploads\/2021\/08\/Ravello-Bianco-1-1024x1020.jpg 1024w, https:\/\/www.recalice.it\/wp-content\/uploads\/2021\/08\/Ravello-Bianco-1-150x150.jpg 150w, https:\/\/www.recalice.it\/wp-content\/uploads\/2021\/08\/Ravello-Bianco-1-768x765.jpg 768w, https:\/\/www.recalice.it\/wp-content\/uploads\/2021\/08\/Ravello-Bianco-1-12x12.jpg 12w, https:\/\/www.recalice.it\/wp-content\/uploads\/2021\/08\/Ravello-Bianco-1-600x597.jpg 600w, https:\/\/www.recalice.it\/wp-content\/uploads\/2021\/08\/Ravello-Bianco-1-100x100.jpg 100w, https:\/\/www.recalice.it\/wp-content\/uploads\/2021\/08\/Ravello-Bianco-1-64x64.jpg 64w, https:\/\/www.recalice.it\/wp-content\/uploads\/2021\/08\/Ravello-Bianco-1.jpg 1397w\" sizes=\"(max-width: 300px) 100vw, 300px\" \/><h2 class=\"woocommerce-loop-product__title\">Costa d&#8217;Amalfi DOC Ravello Bianco 2023 &#8211; Marisa Cuomo<\/h2>\n\t<span class=\"price\"><span class=\"woocommerce-Price-amount amount\"><bdi><span class=\"woocommerce-Price-currencySymbol\">\u20ac<\/span>28.00<\/bdi><\/span><\/span>\n<\/a><a href=\"\/en\/wp-json\/wp\/v2\/pages\/2279?add-to-cart=771\" aria-describedby=\"woocommerce_loop_add_to_cart_link_describedby_771\" data-quantity=\"1\" class=\"button product_type_simple add_to_cart_button ajax_add_to_cart\" data-product_id=\"771\" data-product_sku=\"\" aria-label=\"Add to basket: \u201cCosta d&#039;Amalfi DOC Ravello Bianco 2023 - Marisa Cuomo\u201d\" rel=\"nofollow\" data-success_message=\"\u201cCosta d&#039;Amalfi DOC Ravello Bianco 2023 - Marisa Cuomo\u201d has been added to your cart\" role=\"button\" data-no-translation=\"\" data-trp-gettext=\"\" data-no-translation-aria-label=\"\" data-no-translation-data-success_message=\"\">Add to basket<\/a>\t<span id=\"woocommerce_loop_add_to_cart_link_describedby_771\" class=\"screen-reader-text\">\n\t\t\t<\/span>\n<\/li>\n<li class=\"product type-product post-789 status-publish instock product_cat-bianchi product_cat-campania product_cat-regioni product_tag-luigi-maffini has-post-thumbnail taxable shipping-taxable purchasable product-type-simple\">\n\t<a href=\"https:\/\/www.recalice.it\/en\/product\/paestum-igt-fiano-kratos-2023-luigi-maffini\/\" class=\"woocommerce-LoopProduct-link woocommerce-loop-product__link\"><img loading=\"lazy\" decoding=\"async\" width=\"300\" height=\"300\" src=\"https:\/\/www.recalice.it\/wp-content\/uploads\/2021\/08\/KRATOS-300x300.jpg\" class=\"attachment-woocommerce_thumbnail size-woocommerce_thumbnail\" alt=\"Paestum IGT Fiano &quot;Kratos&quot; 2023 - Luigi Maffini\" srcset=\"https:\/\/www.recalice.it\/wp-content\/uploads\/2021\/08\/KRATOS-300x300.jpg 300w, https:\/\/www.recalice.it\/wp-content\/uploads\/2021\/08\/KRATOS-1024x1024.jpg 1024w, https:\/\/www.recalice.it\/wp-content\/uploads\/2021\/08\/KRATOS-150x150.jpg 150w, https:\/\/www.recalice.it\/wp-content\/uploads\/2021\/08\/KRATOS-768x768.jpg 768w, https:\/\/www.recalice.it\/wp-content\/uploads\/2021\/08\/KRATOS-1536x1536.jpg 1536w, https:\/\/www.recalice.it\/wp-content\/uploads\/2021\/08\/KRATOS-2048x2048.jpg 2048w, https:\/\/www.recalice.it\/wp-content\/uploads\/2021\/08\/KRATOS-600x600.jpg 600w, https:\/\/www.recalice.it\/wp-content\/uploads\/2021\/08\/KRATOS-100x100.jpg 100w\" sizes=\"(max-width: 300px) 100vw, 300px\" \/><h2 class=\"woocommerce-loop-product__title\">Paestum IGT Fiano &#8220;Kratos&#8221; 2023 &#8211; Luigi Maffini<\/h2>\n\t<span class=\"price\"><span class=\"woocommerce-Price-amount amount\"><bdi><span class=\"woocommerce-Price-currencySymbol\">\u20ac<\/span>20.00<\/bdi><\/span><\/span>\n<\/a><a href=\"\/en\/wp-json\/wp\/v2\/pages\/2279?add-to-cart=789\" aria-describedby=\"woocommerce_loop_add_to_cart_link_describedby_789\" data-quantity=\"1\" class=\"button product_type_simple add_to_cart_button ajax_add_to_cart\" data-product_id=\"789\" data-product_sku=\"\" aria-label=\"Add to basket: \u201cPaestum IGT Fiano &quot;Kratos&quot; 2023 - Luigi Maffini\u201d\" rel=\"nofollow\" data-success_message=\"\u201cPaestum IGT Fiano &quot;Kratos&quot; 2023 - Luigi Maffini\u201d has been added to your cart\" role=\"button\" data-no-translation=\"\" data-trp-gettext=\"\" data-no-translation-aria-label=\"\" data-no-translation-data-success_message=\"\">Add to basket<\/a>\t<span id=\"woocommerce_loop_add_to_cart_link_describedby_789\" class=\"screen-reader-text\">\n\t\t\t<\/span>\n<\/li>\n<li class=\"product type-product post-828 status-publish instock product_cat-bianchi product_cat-campania product_cat-regioni product_tag-casa-dambra has-post-thumbnail taxable shipping-taxable purchasable product-type-simple\">\n\t<a href=\"https:\/\/www.recalice.it\/en\/product\/ischia-doc-biancolella-2023-casa-dambra\/\" class=\"woocommerce-LoopProduct-link woocommerce-loop-product__link\"><img loading=\"lazy\" decoding=\"async\" width=\"300\" height=\"300\" src=\"https:\/\/www.recalice.it\/wp-content\/uploads\/2021\/08\/BIANCOLELLA-300x300.jpg\" class=\"attachment-woocommerce_thumbnail size-woocommerce_thumbnail\" alt=\"Ischia DOC Biancolella 2023 - Casa D&#039;Ambra\" srcset=\"https:\/\/www.recalice.it\/wp-content\/uploads\/2021\/08\/BIANCOLELLA-300x300.jpg 300w, https:\/\/www.recalice.it\/wp-content\/uploads\/2021\/08\/BIANCOLELLA-150x150.jpg 150w, https:\/\/www.recalice.it\/wp-content\/uploads\/2021\/08\/BIANCOLELLA-12x12.jpg 12w, https:\/\/www.recalice.it\/wp-content\/uploads\/2021\/08\/BIANCOLELLA-100x100.jpg 100w, https:\/\/www.recalice.it\/wp-content\/uploads\/2021\/08\/BIANCOLELLA-64x65.jpg 64w\" sizes=\"(max-width: 300px) 100vw, 300px\" \/><h2 class=\"woocommerce-loop-product__title\">Ischia DOC Biancolella 2023 &#8211; Casa D&#8217;Ambra<\/h2>\n\t<span class=\"price\"><span class=\"woocommerce-Price-amount amount\"><bdi><span class=\"woocommerce-Price-currencySymbol\">\u20ac<\/span>14.00<\/bdi><\/span><\/span>\n<\/a><a href=\"\/en\/wp-json\/wp\/v2\/pages\/2279?add-to-cart=828\" aria-describedby=\"woocommerce_loop_add_to_cart_link_describedby_828\" data-quantity=\"1\" class=\"button product_type_simple add_to_cart_button ajax_add_to_cart\" data-product_id=\"828\" data-product_sku=\"\" aria-label=\"Add to basket: \u201cIschia DOC Biancolella 2023 - Casa D&#039;Ambra\u201d\" rel=\"nofollow\" data-success_message=\"\u201cIschia DOC Biancolella 2023 - Casa D&#039;Ambra\u201d has been added to your cart\" role=\"button\" data-no-translation=\"\" data-trp-gettext=\"\" data-no-translation-aria-label=\"\" data-no-translation-data-success_message=\"\">Add to basket<\/a>\t<span id=\"woocommerce_loop_add_to_cart_link_describedby_828\" class=\"screen-reader-text\">\n\t\t\t<\/span>\n<\/li>\n<li class=\"product type-product post-890 status-publish instock product_cat-bianchi product_cat-campania product_cat-regioni product_tag-casa-dambra has-post-thumbnail taxable shipping-taxable purchasable product-type-simple\">\n\t<a href=\"https:\/\/www.recalice.it\/en\/product\/ischia-doc-forastera-2023-casa-dambra\/\" class=\"woocommerce-LoopProduct-link woocommerce-loop-product__link\"><img loading=\"lazy\" decoding=\"async\" width=\"300\" height=\"300\" src=\"https:\/\/www.recalice.it\/wp-content\/uploads\/2021\/08\/FORASTERA-1-300x300.jpg\" class=\"attachment-woocommerce_thumbnail size-woocommerce_thumbnail\" alt=\"Ischia DOC Forastera 2023 - Casa D&#039;Ambra\" srcset=\"https:\/\/www.recalice.it\/wp-content\/uploads\/2021\/08\/FORASTERA-1-300x300.jpg 300w, https:\/\/www.recalice.it\/wp-content\/uploads\/2021\/08\/FORASTERA-1-150x150.jpg 150w, https:\/\/www.recalice.it\/wp-content\/uploads\/2021\/08\/FORASTERA-1-12x12.jpg 12w, https:\/\/www.recalice.it\/wp-content\/uploads\/2021\/08\/FORASTERA-1-100x100.jpg 100w, https:\/\/www.recalice.it\/wp-content\/uploads\/2021\/08\/FORASTERA-1-64x65.jpg 64w\" sizes=\"(max-width: 300px) 100vw, 300px\" \/><h2 class=\"woocommerce-loop-product__title\">Ischia DOC Forastera 2023 &#8211; Casa D&#8217;Ambra<\/h2>\n\t<span class=\"price\"><span class=\"woocommerce-Price-amount amount\"><bdi><span class=\"woocommerce-Price-currencySymbol\">\u20ac<\/span>14.00<\/bdi><\/span><\/span>\n<\/a><a href=\"\/en\/wp-json\/wp\/v2\/pages\/2279?add-to-cart=890\" aria-describedby=\"woocommerce_loop_add_to_cart_link_describedby_890\" data-quantity=\"1\" class=\"button product_type_simple add_to_cart_button ajax_add_to_cart\" data-product_id=\"890\" data-product_sku=\"\" aria-label=\"Add to basket: \u201cIschia DOC Forastera 2023 - Casa D&#039;Ambra\u201d\" rel=\"nofollow\" data-success_message=\"\u201cIschia DOC Forastera 2023 - Casa D&#039;Ambra\u201d has been added to your cart\" role=\"button\" data-no-translation=\"\" data-trp-gettext=\"\" data-no-translation-aria-label=\"\" data-no-translation-data-success_message=\"\">Add to basket<\/a>\t<span id=\"woocommerce_loop_add_to_cart_link_describedby_890\" class=\"screen-reader-text\">\n\t\t\t<\/span>\n<\/li>\n<li class=\"product type-product post-946 status-publish last instock product_cat-bianchi product_cat-cena-tra-amici product_cat-friuli-venezia-giulia product_cat-occasioni product_cat-regioni product_cat-selezioni-recalice product_tag-la-tunella has-post-thumbnail taxable shipping-taxable purchasable product-type-simple\">\n\t<a href=\"https:\/\/www.recalice.it\/en\/product\/friuli-colli-orientali-doc-ribolla-gialla-coldebliss-2021-la-tunella\/\" class=\"woocommerce-LoopProduct-link woocommerce-loop-product__link\"><img loading=\"lazy\" decoding=\"async\" width=\"300\" height=\"300\" src=\"https:\/\/www.recalice.it\/wp-content\/uploads\/2021\/08\/RIBOLLA-GIALLA-COL-DE-BLISS-300x300.jpg\" class=\"attachment-woocommerce_thumbnail size-woocommerce_thumbnail\" alt=\"Friuli Colli Orientali DOC Ribolla Gialla &quot;Col de bliss&quot; 2021 - La Tunella\" srcset=\"https:\/\/www.recalice.it\/wp-content\/uploads\/2021\/08\/RIBOLLA-GIALLA-COL-DE-BLISS-300x300.jpg 300w, https:\/\/www.recalice.it\/wp-content\/uploads\/2021\/08\/RIBOLLA-GIALLA-COL-DE-BLISS-1024x1024.jpg 1024w, https:\/\/www.recalice.it\/wp-content\/uploads\/2021\/08\/RIBOLLA-GIALLA-COL-DE-BLISS-150x150.jpg 150w, https:\/\/www.recalice.it\/wp-content\/uploads\/2021\/08\/RIBOLLA-GIALLA-COL-DE-BLISS-768x768.jpg 768w, https:\/\/www.recalice.it\/wp-content\/uploads\/2021\/08\/RIBOLLA-GIALLA-COL-DE-BLISS-600x600.jpg 600w, https:\/\/www.recalice.it\/wp-content\/uploads\/2021\/08\/RIBOLLA-GIALLA-COL-DE-BLISS-100x100.jpg 100w, https:\/\/www.recalice.it\/wp-content\/uploads\/2021\/08\/RIBOLLA-GIALLA-COL-DE-BLISS.jpg 1080w\" sizes=\"(max-width: 300px) 100vw, 300px\" \/><h2 class=\"woocommerce-loop-product__title\">Friuli Colli Orientali DOC Ribolla Gialla &#8220;Col de bliss&#8221; 2021 &#8211; La Tunella<\/h2>\n\t<span class=\"price\"><span class=\"woocommerce-Price-amount amount\"><bdi><span class=\"woocommerce-Price-currencySymbol\">\u20ac<\/span>22.50<\/bdi><\/span><\/span>\n<\/a><a href=\"\/en\/wp-json\/wp\/v2\/pages\/2279?add-to-cart=946\" aria-describedby=\"woocommerce_loop_add_to_cart_link_describedby_946\" data-quantity=\"1\" class=\"button product_type_simple add_to_cart_button ajax_add_to_cart\" data-product_id=\"946\" data-product_sku=\"\" aria-label=\"Add to basket: \u201cFriuli Colli Orientali DOC Ribolla Gialla &quot;Col de bliss&quot; 2021 - La Tunella\u201d\" rel=\"nofollow\" data-success_message=\"\u201cFriuli Colli Orientali DOC Ribolla Gialla &quot;Col de bliss&quot; 2021 - La Tunella\u201d has been added to your cart\" role=\"button\" data-no-translation=\"\" data-trp-gettext=\"\" data-no-translation-aria-label=\"\" data-no-translation-data-success_message=\"\">Add to basket<\/a>\t<span id=\"woocommerce_loop_add_to_cart_link_describedby_946\" class=\"screen-reader-text\">\n\t\t\t<\/span>\n<\/li>\n<li class=\"product type-product post-948 status-publish first instock product_cat-bianchi product_cat-cena-tra-amici product_cat-friuli-venezia-giulia product_cat-occasioni product_cat-regioni product_cat-selezioni-recalice product_tag-la-tunella has-post-thumbnail taxable shipping-taxable purchasable product-type-simple\">\n\t<a href=\"https:\/\/www.recalice.it\/en\/product\/friuli-colli-orientali-doc-pinot-grigio-colbaje-2021-la-tunella\/\" class=\"woocommerce-LoopProduct-link woocommerce-loop-product__link\"><img loading=\"lazy\" decoding=\"async\" width=\"300\" height=\"300\" src=\"https:\/\/www.recalice.it\/wp-content\/uploads\/2021\/08\/PINOT-GRIGIO-COLBAJE-300x300.png\" class=\"attachment-woocommerce_thumbnail size-woocommerce_thumbnail\" alt=\"Friuli Colli Orientali DOC Pinot Grigio &quot;Colbaj\u00e8&quot; 2021 - La Tunella\" srcset=\"https:\/\/www.recalice.it\/wp-content\/uploads\/2021\/08\/PINOT-GRIGIO-COLBAJE-300x300.png 300w, https:\/\/www.recalice.it\/wp-content\/uploads\/2021\/08\/PINOT-GRIGIO-COLBAJE-150x150.png 150w, https:\/\/www.recalice.it\/wp-content\/uploads\/2021\/08\/PINOT-GRIGIO-COLBAJE-600x600.png 600w, https:\/\/www.recalice.it\/wp-content\/uploads\/2021\/08\/PINOT-GRIGIO-COLBAJE-100x100.png 100w, https:\/\/www.recalice.it\/wp-content\/uploads\/2021\/08\/PINOT-GRIGIO-COLBAJE.png 602w\" sizes=\"(max-width: 300px) 100vw, 300px\" \/><h2 class=\"woocommerce-loop-product__title\">Friuli Colli Orientali DOC Pinot Grigio &#8220;Colbaj\u00e8&#8221; 2021 &#8211; La Tunella<\/h2>\n\t<span class=\"price\"><span class=\"woocommerce-Price-amount amount\"><bdi><span class=\"woocommerce-Price-currencySymbol\">\u20ac<\/span>22.50<\/bdi><\/span><\/span>\n<\/a><a href=\"\/en\/wp-json\/wp\/v2\/pages\/2279?add-to-cart=948\" aria-describedby=\"woocommerce_loop_add_to_cart_link_describedby_948\" data-quantity=\"1\" class=\"button product_type_simple add_to_cart_button ajax_add_to_cart\" data-product_id=\"948\" data-product_sku=\"\" aria-label=\"Add to basket: \u201cFriuli Colli Orientali DOC Pinot Grigio &quot;Colbaj\u00e8&quot; 2021 - La Tunella\u201d\" rel=\"nofollow\" data-success_message=\"\u201cFriuli Colli Orientali DOC Pinot Grigio &quot;Colbaj\u00e8&quot; 2021 - La Tunella\u201d has been added to your cart\" role=\"button\" data-no-translation=\"\" data-trp-gettext=\"\" data-no-translation-aria-label=\"\" data-no-translation-data-success_message=\"\">Add to basket<\/a>\t<span id=\"woocommerce_loop_add_to_cart_link_describedby_948\" class=\"screen-reader-text\">\n\t\t\t<\/span>\n<\/li>\n<li class=\"product type-product post-953 status-publish instock product_cat-bianchi product_cat-friuli-venezia-giulia product_cat-regioni product_tag-la-tunella has-post-thumbnail taxable shipping-taxable purchasable product-type-simple\">\n\t<a href=\"https:\/\/www.recalice.it\/en\/product\/friuli-colli-orientali-doc-chardonnay-2022-la-tunella\/\" class=\"woocommerce-LoopProduct-link woocommerce-loop-product__link\"><img loading=\"lazy\" decoding=\"async\" width=\"300\" height=\"300\" src=\"https:\/\/www.recalice.it\/wp-content\/uploads\/2021\/08\/CHARDONNAY-LA-TUNELLA-300x300.jpg\" class=\"attachment-woocommerce_thumbnail size-woocommerce_thumbnail\" alt=\"Friuli Colli Orientali DOC Chardonnay 2022 - La Tunella\" srcset=\"https:\/\/www.recalice.it\/wp-content\/uploads\/2021\/08\/CHARDONNAY-LA-TUNELLA-300x300.jpg 300w, https:\/\/www.recalice.it\/wp-content\/uploads\/2021\/08\/CHARDONNAY-LA-TUNELLA-150x150.jpg 150w, https:\/\/www.recalice.it\/wp-content\/uploads\/2021\/08\/CHARDONNAY-LA-TUNELLA-768x768.jpg 768w, https:\/\/www.recalice.it\/wp-content\/uploads\/2021\/08\/CHARDONNAY-LA-TUNELLA-600x600.jpg 600w, https:\/\/www.recalice.it\/wp-content\/uploads\/2021\/08\/CHARDONNAY-LA-TUNELLA-100x100.jpg 100w, https:\/\/www.recalice.it\/wp-content\/uploads\/2021\/08\/CHARDONNAY-LA-TUNELLA.jpg 1000w\" sizes=\"(max-width: 300px) 100vw, 300px\" \/><h2 class=\"woocommerce-loop-product__title\">Friuli Colli Orientali DOC Chardonnay 2022 &#8211; La Tunella<\/h2>\n\t<span class=\"price\"><span class=\"woocommerce-Price-amount amount\"><bdi><span class=\"woocommerce-Price-currencySymbol\">\u20ac<\/span>15.00<\/bdi><\/span><\/span>\n<\/a><a href=\"\/en\/wp-json\/wp\/v2\/pages\/2279?add-to-cart=953\" aria-describedby=\"woocommerce_loop_add_to_cart_link_describedby_953\" data-quantity=\"1\" class=\"button product_type_simple add_to_cart_button ajax_add_to_cart\" data-product_id=\"953\" data-product_sku=\"\" aria-label=\"Add to basket: \u201cFriuli Colli Orientali DOC Chardonnay 2022 - La Tunella\u201d\" rel=\"nofollow\" data-success_message=\"\u201cFriuli Colli Orientali DOC Chardonnay 2022 - La Tunella\u201d has been added to your cart\" role=\"button\" data-no-translation=\"\" data-trp-gettext=\"\" data-no-translation-aria-label=\"\" data-no-translation-data-success_message=\"\">Add to basket<\/a>\t<span id=\"woocommerce_loop_add_to_cart_link_describedby_953\" class=\"screen-reader-text\">\n\t\t\t<\/span>\n<\/li>\n<li class=\"product type-product post-971 status-publish instock product_cat-bianchi product_cat-cena-tra-amici product_cat-lazio product_cat-occasioni product_cat-regioni product_tag-famiglia-cotarella has-post-thumbnail taxable shipping-taxable purchasable product-type-simple\">\n\t<a href=\"https:\/\/www.recalice.it\/en\/product\/est-est-est-di-montefiascone-doc-classico-poggio-dei-gelsi-2023-famiglia-cotarella\/\" class=\"woocommerce-LoopProduct-link woocommerce-loop-product__link\"><img loading=\"lazy\" decoding=\"async\" width=\"300\" height=\"300\" src=\"https:\/\/www.recalice.it\/wp-content\/uploads\/2021\/08\/Poggio-dei-Gelsi-300x300.jpg\" class=\"attachment-woocommerce_thumbnail size-woocommerce_thumbnail\" alt=\"Est! Est!! Est!!! di Montefiascone DOC Classico &quot;Poggio dei Gelsi&quot; 2023 - Famiglia Cotarella\" srcset=\"https:\/\/www.recalice.it\/wp-content\/uploads\/2021\/08\/Poggio-dei-Gelsi-300x300.jpg 300w, https:\/\/www.recalice.it\/wp-content\/uploads\/2021\/08\/Poggio-dei-Gelsi-150x150.jpg 150w, https:\/\/www.recalice.it\/wp-content\/uploads\/2021\/08\/Poggio-dei-Gelsi-768x768.jpg 768w, https:\/\/www.recalice.it\/wp-content\/uploads\/2021\/08\/Poggio-dei-Gelsi-12x12.jpg 12w, https:\/\/www.recalice.it\/wp-content\/uploads\/2021\/08\/Poggio-dei-Gelsi-600x600.jpg 600w, https:\/\/www.recalice.it\/wp-content\/uploads\/2021\/08\/Poggio-dei-Gelsi-100x100.jpg 100w, https:\/\/www.recalice.it\/wp-content\/uploads\/2021\/08\/Poggio-dei-Gelsi-64x64.jpg 64w, https:\/\/www.recalice.it\/wp-content\/uploads\/2021\/08\/Poggio-dei-Gelsi.jpg 1000w\" sizes=\"(max-width: 300px) 100vw, 300px\" \/><h2 class=\"woocommerce-loop-product__title\">Est! Est!! Est!!! di Montefiascone DOC Classico &#8220;Poggio dei Gelsi&#8221; 2023 &#8211; Famiglia Cotarella<\/h2>\n\t<span class=\"price\"><span class=\"woocommerce-Price-amount amount\"><bdi><span class=\"woocommerce-Price-currencySymbol\">\u20ac<\/span>11.00<\/bdi><\/span><\/span>\n<\/a><a href=\"\/en\/wp-json\/wp\/v2\/pages\/2279?add-to-cart=971\" aria-describedby=\"woocommerce_loop_add_to_cart_link_describedby_971\" data-quantity=\"1\" class=\"button product_type_simple add_to_cart_button ajax_add_to_cart\" data-product_id=\"971\" data-product_sku=\"\" aria-label=\"Add to basket: \u201cEst! Est!! Est!!! di Montefiascone DOC Classico &quot;Poggio dei Gelsi&quot; 2023 - Famiglia Cotarella\u201d\" rel=\"nofollow\" data-success_message=\"\u201cEst! Est!! Est!!! di Montefiascone DOC Classico &quot;Poggio dei Gelsi&quot; 2023 - Famiglia Cotarella\u201d has been added to your cart\" role=\"button\" data-no-translation=\"\" data-trp-gettext=\"\" data-no-translation-aria-label=\"\" data-no-translation-data-success_message=\"\">Add to basket<\/a>\t<span id=\"woocommerce_loop_add_to_cart_link_describedby_971\" class=\"screen-reader-text\">\n\t\t\t<\/span>\n<\/li>\n<li class=\"product type-product post-985 status-publish instock product_cat-bianchi product_cat-lazio product_cat-regioni product_tag-famiglia-cotarella has-post-thumbnail taxable shipping-taxable purchasable product-type-simple\">\n\t<a href=\"https:\/\/www.recalice.it\/en\/product\/lazio-igt-viognier-soente-2023-famiglia-cotarella\/\" class=\"woocommerce-LoopProduct-link woocommerce-loop-product__link\"><img loading=\"lazy\" decoding=\"async\" width=\"300\" height=\"300\" src=\"https:\/\/www.recalice.it\/wp-content\/uploads\/2021\/08\/SOENTE-300x300.jpg\" class=\"attachment-woocommerce_thumbnail size-woocommerce_thumbnail\" alt=\"Lazio IGT Viognier &quot;Soente&quot; 2023 - Famiglia Cotarella\" srcset=\"https:\/\/www.recalice.it\/wp-content\/uploads\/2021\/08\/SOENTE-300x300.jpg 300w, https:\/\/www.recalice.it\/wp-content\/uploads\/2021\/08\/SOENTE-1024x1024.jpg 1024w, https:\/\/www.recalice.it\/wp-content\/uploads\/2021\/08\/SOENTE-150x150.jpg 150w, https:\/\/www.recalice.it\/wp-content\/uploads\/2021\/08\/SOENTE-768x768.jpg 768w, https:\/\/www.recalice.it\/wp-content\/uploads\/2021\/08\/SOENTE-1536x1536.jpg 1536w, https:\/\/www.recalice.it\/wp-content\/uploads\/2021\/08\/SOENTE-2048x2048.jpg 2048w, https:\/\/www.recalice.it\/wp-content\/uploads\/2021\/08\/SOENTE-600x600.jpg 600w, https:\/\/www.recalice.it\/wp-content\/uploads\/2021\/08\/SOENTE-100x100.jpg 100w\" sizes=\"(max-width: 300px) 100vw, 300px\" \/><h2 class=\"woocommerce-loop-product__title\">Lazio IGT Viognier &#8220;Soente&#8221; 2023 &#8211; Famiglia Cotarella<\/h2>\n\t<span class=\"price\"><span class=\"woocommerce-Price-amount amount\"><bdi><span class=\"woocommerce-Price-currencySymbol\">\u20ac<\/span>17.00<\/bdi><\/span><\/span>\n<\/a><a href=\"\/en\/wp-json\/wp\/v2\/pages\/2279?add-to-cart=985\" aria-describedby=\"woocommerce_loop_add_to_cart_link_describedby_985\" data-quantity=\"1\" class=\"button product_type_simple add_to_cart_button ajax_add_to_cart\" data-product_id=\"985\" data-product_sku=\"\" aria-label=\"Add to basket: \u201cLazio IGT Viognier &quot;Soente&quot; 2023 - Famiglia Cotarella\u201d\" rel=\"nofollow\" data-success_message=\"\u201cLazio IGT Viognier &quot;Soente&quot; 2023 - Famiglia Cotarella\u201d has been added to your cart\" role=\"button\" data-no-translation=\"\" data-trp-gettext=\"\" data-no-translation-aria-label=\"\" data-no-translation-data-success_message=\"\">Add to basket<\/a>\t<span id=\"woocommerce_loop_add_to_cart_link_describedby_985\" class=\"screen-reader-text\">\n\t\t\t<\/span>\n<\/li>\n<li class=\"product type-product post-1201 status-publish last instock product_cat-bianchi product_cat-cena-tra-amici product_cat-occasioni product_cat-regioni product_cat-sardegna product_cat-selezioni-recalice product_tag-argiolas has-post-thumbnail taxable shipping-taxable purchasable product-type-simple\">\n\t<a href=\"https:\/\/www.recalice.it\/en\/product\/isola-dei-nuraghi-igt-bianco-cerdena-2017-argiolas\/\" class=\"woocommerce-LoopProduct-link woocommerce-loop-product__link\"><img loading=\"lazy\" decoding=\"async\" width=\"300\" height=\"300\" src=\"https:\/\/www.recalice.it\/wp-content\/uploads\/2021\/08\/Cerdena-Argiolas-300x300.jpg\" class=\"attachment-woocommerce_thumbnail size-woocommerce_thumbnail\" alt=\"Isola dei Nuraghi IGT Bianco &quot;Cerde\u00f1a&quot; 2018 - Argiolas\" srcset=\"https:\/\/www.recalice.it\/wp-content\/uploads\/2021\/08\/Cerdena-Argiolas-300x300.jpg 300w, https:\/\/www.recalice.it\/wp-content\/uploads\/2021\/08\/Cerdena-Argiolas-150x150.jpg 150w, https:\/\/www.recalice.it\/wp-content\/uploads\/2021\/08\/Cerdena-Argiolas-768x768.jpg 768w, https:\/\/www.recalice.it\/wp-content\/uploads\/2021\/08\/Cerdena-Argiolas-12x12.jpg 12w, https:\/\/www.recalice.it\/wp-content\/uploads\/2021\/08\/Cerdena-Argiolas-600x600.jpg 600w, https:\/\/www.recalice.it\/wp-content\/uploads\/2021\/08\/Cerdena-Argiolas-100x100.jpg 100w, https:\/\/www.recalice.it\/wp-content\/uploads\/2021\/08\/Cerdena-Argiolas-64x64.jpg 64w, https:\/\/www.recalice.it\/wp-content\/uploads\/2021\/08\/Cerdena-Argiolas.jpg 1000w\" sizes=\"(max-width: 300px) 100vw, 300px\" \/><h2 class=\"woocommerce-loop-product__title\">Isola dei Nuraghi IGT Bianco &#8220;Cerde\u00f1a&#8221; 2018 &#8211; Argiolas<\/h2>\n\t<span class=\"price\"><span class=\"woocommerce-Price-amount amount\"><bdi><span class=\"woocommerce-Price-currencySymbol\">\u20ac<\/span>43.50<\/bdi><\/span><\/span>\n<\/a><a href=\"\/en\/wp-json\/wp\/v2\/pages\/2279?add-to-cart=1201\" aria-describedby=\"woocommerce_loop_add_to_cart_link_describedby_1201\" data-quantity=\"1\" class=\"button product_type_simple add_to_cart_button ajax_add_to_cart\" data-product_id=\"1201\" data-product_sku=\"\" aria-label=\"Add to basket: \u201cIsola dei Nuraghi IGT Bianco &quot;Cerde\u00f1a&quot; 2018 - Argiolas\u201d\" rel=\"nofollow\" data-success_message=\"\u201cIsola dei Nuraghi IGT Bianco &quot;Cerde\u00f1a&quot; 2018 - Argiolas\u201d has been added to your cart\" role=\"button\" data-no-translation=\"\" data-trp-gettext=\"\" data-no-translation-aria-label=\"\" data-no-translation-data-success_message=\"\">Add to basket<\/a>\t<span id=\"woocommerce_loop_add_to_cart_link_describedby_1201\" class=\"screen-reader-text\">\n\t\t\t<\/span>\n<\/li>\n<\/ul>\n<nav class=\"woocommerce-pagination\" aria-label=\"Product Pagination\" data-no-translation-aria-label=\"\">\n\t<ul class='page-numbers'>\n\t<li><span aria-label=\"Page 1\" aria-current=\"page\" class=\"page-numbers current\" data-no-translation-aria-label=\"\">1<\/span><\/li>\n\t<li><a aria-label=\"Page 2\" class=\"page-numbers\" href=\"\/en\/wp-json\/wp\/v2\/pages\/2279?product-page=2\" data-no-translation-aria-label=\"\">2<\/a><\/li>\n\t<li><a aria-label=\"Page 3\" class=\"page-numbers\" href=\"\/en\/wp-json\/wp\/v2\/pages\/2279?product-page=3\" data-no-translation-aria-label=\"\">3<\/a><\/li>\n\t<li><a aria-label=\"Page 4\" class=\"page-numbers\" href=\"\/en\/wp-json\/wp\/v2\/pages\/2279?product-page=4\" data-no-translation-aria-label=\"\">4<\/a><\/li>\n\t<li><span class=\"page-numbers dots\">...<\/span><\/li>\n\t<li><a aria-label=\"Page 11\" class=\"page-numbers\" href=\"\/en\/wp-json\/wp\/v2\/pages\/2279?product-page=11\" data-no-translation-aria-label=\"\">11<\/a><\/li>\n\t<li><a aria-label=\"Page 12\" class=\"page-numbers\" href=\"\/en\/wp-json\/wp\/v2\/pages\/2279?product-page=12\" data-no-translation-aria-label=\"\">12<\/a><\/li>\n\t<li><a aria-label=\"Page 13\" class=\"page-numbers\" href=\"\/en\/wp-json\/wp\/v2\/pages\/2279?product-page=13\" data-no-translation-aria-label=\"\">13<\/a><\/li>\n\t<li><a class=\"next page-numbers\" href=\"\/en\/wp-json\/wp\/v2\/pages\/2279?product-page=2\">\u2192<\/a><\/li>\n<\/ul>\n<\/nav>\n<\/div>\t\t\t\t<\/div>\n\t\t\t\t<\/div>\n\t\t\t\t\t<\/div>\n\t\t<\/div>\n\t\t\t\t\t<\/div>\n\t\t<\/section>\n\t\t\t\t<\/div>","protected":false},"excerpt":{"rendered":"<p>[searchandfilter id=&#8221;prezzo&#8221;][searchandfilter id=&#8221;wpf_60d09fc656fcb&#8221;] Frutto della cultura e della tradizione vinicola dell\u2019uomo, il vino bianco \u00e8 sicuramente protagonista della bella stagione ma le sue differenti caratteristiche e variet\u00e0 lo rendono adatto per ogni occasione. La variet\u00e0 dei bianchi, dei suoi colori, dipende dalla tipologia delle uve, dalla pressatura e, in modo particolare, dalla tecnica di vinificazione [&hellip;]<\/p>","protected":false},"author":226,"featured_media":1785,"parent":0,"menu_order":0,"comment_status":"closed","ping_status":"closed","template":"elementor_header_footer","meta":{"_acf_changed":false,"_joinchat":[],"footnotes":""},"class_list":["post-2279","page","type-page","status-publish","has-post-thumbnail","hentry"],"acf":[],"_links":{"self":[{"href":"https:\/\/www.recalice.it\/en\/wp-json\/wp\/v2\/pages\/2279","targetHints":{"allow":["GET"]}}],"collection":[{"href":"https:\/\/www.recalice.it\/en\/wp-json\/wp\/v2\/pages"}],"about":[{"href":"https:\/\/www.recalice.it\/en\/wp-json\/wp\/v2\/types\/page"}],"author":[{"embeddable":true,"href":"https:\/\/www.recalice.it\/en\/wp-json\/wp\/v2\/users\/226"}],"replies":[{"embeddable":true,"href":"https:\/\/www.recalice.it\/en\/wp-json\/wp\/v2\/comments?post=2279"}],"version-history":[{"count":17,"href":"https:\/\/www.recalice.it\/en\/wp-json\/wp\/v2\/pages\/2279\/revisions"}],"predecessor-version":[{"id":3491,"href":"https:\/\/www.recalice.it\/en\/wp-json\/wp\/v2\/pages\/2279\/revisions\/3491"}],"wp:featuredmedia":[{"embeddable":true,"href":"https:\/\/www.recalice.it\/en\/wp-json\/wp\/v2\/media\/1785"}],"wp:attachment":[{"href":"https:\/\/www.recalice.it\/en\/wp-json\/wp\/v2\/media?parent=2279"}],"curies":[{"name":"wp","href":"https:\/\/api.w.org\/{rel}","templated":true}]}}